{"id":17,"date":"2021-02-15T22:26:24","date_gmt":"2021-02-15T21:26:24","guid":{"rendered":"https:\/\/web1.unine.ch\/vivrelafrontiere\/?page_id=17"},"modified":"2023-11-22T17:50:16","modified_gmt":"2023-11-22T16:50:16","slug":"partenaires","status":"publish","type":"page","link":"https:\/\/www.vivrelafrontiere.org\/?page_id=17","title":{"rendered":"Partenaires"},"content":{"rendered":"\n<p><strong>Partenaires du projet Ligne de partages<\/strong><\/p>\n\n\n\n<div class=\"wp-block-media-text alignwide is-stacked-on-mobile\" style=\"grid-template-columns:26% auto\"><figure class=\"wp-block-media-text__media\"><a href=\"https:\/\/www.abc-culture.ch\/\" target=\"_blank\" rel=\"noopener\"><img loading=\"lazy\" decoding=\"async\" width=\"315\" height=\"160\" src=\"https:\/\/www.vivrelafrontiere.org\/wp-content\/uploads\/2021\/07\/Logo-ABC.png\" alt=\"\" class=\"wp-image-512 size-full\" srcset=\"https:\/\/www.vivrelafrontiere.org\/wp-content\/uploads\/2021\/07\/Logo-ABC.png 315w, https:\/\/www.vivrelafrontiere.org\/wp-content\/uploads\/2021\/07\/Logo-ABC-300x152.png 300w\" sizes=\"auto, (min-width: 960px) 75vw, 100vw\" \/><\/a><\/figure><div class=\"wp-block-media-text__content\">\n<h4 class=\"wp-block-heading\">Centre de culture ABC<\/h4>\n\n\n\n<p><a href=\"https:\/\/www.abc-culture.ch\/\" data-type=\"URL\" data-id=\"https:\/\/www.abc-culture.ch\/\" target=\"_blank\" rel=\"noreferrer noopener\">abc-culture.ch<\/a><\/p>\n<\/div><\/div>\n\n\n\n<div style=\"height:50px\" aria-hidden=\"true\" class=\"wp-block-spacer\"><\/div>\n\n\n\n<div class=\"wp-block-media-text alignwide is-stacked-on-mobile\" style=\"grid-template-columns:26% auto\"><figure class=\"wp-block-media-text__media\"><a href=\"https:\/\/www.doubs.fr\/\" target=\"_blank\" rel=\"noopener\"><img loading=\"lazy\" decoding=\"async\" width=\"1024\" height=\"419\" src=\"https:\/\/www.vivrelafrontiere.org\/wp-content\/uploads\/2021\/11\/1200px-Logo_Departement_Doubs_2013.svg_-1024x419.png\" alt=\"\" class=\"wp-image-654 size-full\" srcset=\"https:\/\/www.vivrelafrontiere.org\/wp-content\/uploads\/2021\/11\/1200px-Logo_Departement_Doubs_2013.svg_-1024x419.png 1024w, https:\/\/www.vivrelafrontiere.org\/wp-content\/uploads\/2021\/11\/1200px-Logo_Departement_Doubs_2013.svg_-300x123.png 300w, https:\/\/www.vivrelafrontiere.org\/wp-content\/uploads\/2021\/11\/1200px-Logo_Departement_Doubs_2013.svg_-768x314.png 768w, https:\/\/www.vivrelafrontiere.org\/wp-content\/uploads\/2021\/11\/1200px-Logo_Departement_Doubs_2013.svg_-720x295.png 720w, https:\/\/www.vivrelafrontiere.org\/wp-content\/uploads\/2021\/11\/1200px-Logo_Departement_Doubs_2013.svg_.png 1200w\" sizes=\"auto, (min-width: 960px) 75vw, 100vw\" \/><\/a><\/figure><div class=\"wp-block-media-text__content\">\n<h4 class=\"wp-block-heading\">D\u00e9partement du Doubs<\/h4>\n\n\n\n<p><a href=\"https:\/\/www.doubs.fr\/\" data-type=\"URL\" data-id=\"https:\/\/www.doubs.fr\/\" target=\"_blank\" rel=\"noreferrer noopener\">doubs.fr<\/a><\/p>\n<\/div><\/div>\n\n\n\n<div style=\"height:50px\" aria-hidden=\"true\" class=\"wp-block-spacer\"><\/div>\n\n\n\n<div class=\"wp-block-media-text alignwide is-stacked-on-mobile\" style=\"grid-template-columns:26% auto\"><figure class=\"wp-block-media-text__media\"><a href=\"https:\/\/www.territoiredebelfort.fr\/\" target=\"_blank\" rel=\"noopener\"><img loading=\"lazy\" decoding=\"async\" width=\"426\" height=\"192\" src=\"https:\/\/www.vivrelafrontiere.org\/wp-content\/uploads\/2021\/07\/LOGO_TDB_2015_RVB_72dpi.jpg\" alt=\"\" class=\"wp-image-507 size-full\" srcset=\"https:\/\/www.vivrelafrontiere.org\/wp-content\/uploads\/2021\/07\/LOGO_TDB_2015_RVB_72dpi.jpg 426w, https:\/\/www.vivrelafrontiere.org\/wp-content\/uploads\/2021\/07\/LOGO_TDB_2015_RVB_72dpi-300x135.jpg 300w\" sizes=\"auto, (min-width: 960px) 75vw, 100vw\" \/><\/a><\/figure><div class=\"wp-block-media-text__content\">\n<h4 class=\"wp-block-heading\">D\u00e9partement du Territoire de Belfort<\/h4>\n\n\n\n<p><a href=\"https:\/\/www.territoiredebelfort.fr\/\" data-type=\"URL\" data-id=\"https:\/\/www.territoiredebelfort.fr\/\" target=\"_blank\" rel=\"noreferrer noopener\">territoiredebelfort.fr<\/a><\/p>\n<\/div><\/div>\n\n\n\n<div style=\"height:51px\" aria-hidden=\"true\" class=\"wp-block-spacer\"><\/div>\n\n\n\n<div class=\"wp-block-media-text alignwide is-stacked-on-mobile\" style=\"grid-template-columns:26% auto\"><figure class=\"wp-block-media-text__media\"><a href=\"https:\/\/www.culture.gouv.fr\/Regions\/Drac-Bourgogne-Franche-Comte\" target=\"_blank\" rel=\"noopener\"><img loading=\"lazy\" decoding=\"async\" width=\"1024\" height=\"885\" src=\"https:\/\/www.vivrelafrontiere.org\/wp-content\/uploads\/2021\/11\/PREF_region_Bourgogne_Franche_Comte_CMJN-2-1024x885.jpg\" alt=\"\" class=\"wp-image-649 size-full\" srcset=\"https:\/\/www.vivrelafrontiere.org\/wp-content\/uploads\/2021\/11\/PREF_region_Bourgogne_Franche_Comte_CMJN-2-1024x885.jpg 1024w, https:\/\/www.vivrelafrontiere.org\/wp-content\/uploads\/2021\/11\/PREF_region_Bourgogne_Franche_Comte_CMJN-2-300x259.jpg 300w, https:\/\/www.vivrelafrontiere.org\/wp-content\/uploads\/2021\/11\/PREF_region_Bourgogne_Franche_Comte_CMJN-2-768x664.jpg 768w, https:\/\/www.vivrelafrontiere.org\/wp-content\/uploads\/2021\/11\/PREF_region_Bourgogne_Franche_Comte_CMJN-2-1536x1328.jpg 1536w, https:\/\/www.vivrelafrontiere.org\/wp-content\/uploads\/2021\/11\/PREF_region_Bourgogne_Franche_Comte_CMJN-2-2048x1771.jpg 2048w, https:\/\/www.vivrelafrontiere.org\/wp-content\/uploads\/2021\/11\/PREF_region_Bourgogne_Franche_Comte_CMJN-2-555x480.jpg 555w\" sizes=\"auto, (min-width: 960px) 75vw, 100vw\" \/><\/a><\/figure><div class=\"wp-block-media-text__content\">\n<h4 class=\"wp-block-heading\"> Direction r\u00e9gionale des affaires culturelles Bourgogne-Franche-Comt\u00e9 <\/h4>\n\n\n\n<p><a rel=\"noreferrer noopener\" href=\"https:\/\/www.culture.gouv.fr\/Regions\/Drac-Bourgogne-Franche-Comte\" data-type=\"URL\" data-id=\"https:\/\/www.culture.gouv.fr\/Regions\/Drac-Bourgogne-Franche-Comte\" target=\"_blank\">culture.gouv.fr<\/a><\/p>\n<\/div><\/div>\n\n\n\n<div style=\"height:51px\" aria-hidden=\"true\" class=\"wp-block-spacer\"><\/div>\n\n\n\n<div class=\"wp-block-media-text alignwide is-stacked-on-mobile\" style=\"grid-template-columns:26% auto\"><figure class=\"wp-block-media-text__media\"><a href=\"https:\/\/www.forum-transfrontalier.org\/\" target=\"_blank\" rel=\"noopener\"><img loading=\"lazy\" decoding=\"async\" width=\"328\" height=\"154\" src=\"https:\/\/web1.unine.ch\/vivrelafrontiere\/wp-content\/uploads\/2021\/02\/logo-FT_transparent_2.png\" alt=\"\" class=\"wp-image-322 size-full\" srcset=\"https:\/\/www.vivrelafrontiere.org\/wp-content\/uploads\/2021\/02\/logo-FT_transparent_2.png 328w, https:\/\/www.vivrelafrontiere.org\/wp-content\/uploads\/2021\/02\/logo-FT_transparent_2-300x141.png 300w\" sizes=\"auto, (min-width: 960px) 75vw, 100vw\" \/><\/a><\/figure><div class=\"wp-block-media-text__content\">\n<h4 class=\"wp-block-heading\">Forum Transfrontalier Arc jurassien<\/h4>\n\n\n\n<p><a rel=\"noreferrer noopener\" href=\"https:\/\/www.forum-transfrontalier.org\/\" target=\"_blank\">forum-transfrontalier.org<\/a><\/p>\n<\/div><\/div>\n\n\n\n<div style=\"height:50px\" aria-hidden=\"true\" class=\"wp-block-spacer\"><\/div>\n\n\n\n<div class=\"wp-block-media-text alignwide is-stacked-on-mobile\" style=\"grid-template-columns:26% auto\"><figure class=\"wp-block-media-text__media\"><a href=\"https:\/\/www.grandbesancon.fr\/\" target=\"_blank\" rel=\"noopener\"><img loading=\"lazy\" decoding=\"async\" width=\"482\" height=\"104\" src=\"https:\/\/www.vivrelafrontiere.org\/wp-content\/uploads\/2021\/10\/images.jpg\" alt=\"\" class=\"wp-image-533 size-full\" srcset=\"https:\/\/www.vivrelafrontiere.org\/wp-content\/uploads\/2021\/10\/images.jpg 482w, https:\/\/www.vivrelafrontiere.org\/wp-content\/uploads\/2021\/10\/images-300x65.jpg 300w\" sizes=\"auto, (min-width: 960px) 75vw, 100vw\" \/><\/a><\/figure><div class=\"wp-block-media-text__content\">\n<h4 class=\"wp-block-heading\">Grand Besan\u00e7on M\u00e9tropole et Ville de Besan\u00e7on <\/h4>\n\n\n\n<p><a href=\"https:\/\/www.grandbesancon.fr\/\" data-type=\"URL\" data-id=\"https:\/\/www.grandbesancon.fr\/\" target=\"_blank\" rel=\"noreferrer noopener\">grandbesancon.fr<\/a><\/p>\n<\/div><\/div>\n\n\n\n<div style=\"height:50px\" aria-hidden=\"true\" class=\"wp-block-spacer\"><\/div>\n\n\n\n<div class=\"wp-block-media-text alignwide is-stacked-on-mobile\" style=\"grid-template-columns:26% auto\"><figure class=\"wp-block-media-text__media\"><a href=\"https:\/\/www.bourgognefranchecomte.fr\/\" target=\"_blank\" rel=\"noopener\"><img loading=\"lazy\" decoding=\"async\" width=\"1024\" height=\"682\" src=\"https:\/\/www.vivrelafrontiere.org\/wp-content\/uploads\/2021\/07\/LOGO_REGION-1024x682.png\" alt=\"\" class=\"wp-image-528 size-full\" srcset=\"https:\/\/www.vivrelafrontiere.org\/wp-content\/uploads\/2021\/07\/LOGO_REGION-1024x682.png 1024w, https:\/\/www.vivrelafrontiere.org\/wp-content\/uploads\/2021\/07\/LOGO_REGION-300x200.png 300w, https:\/\/www.vivrelafrontiere.org\/wp-content\/uploads\/2021\/07\/LOGO_REGION-768x512.png 768w, https:\/\/www.vivrelafrontiere.org\/wp-content\/uploads\/2021\/07\/LOGO_REGION-1536x1024.png 1536w, https:\/\/www.vivrelafrontiere.org\/wp-content\/uploads\/2021\/07\/LOGO_REGION-720x480.png 720w, https:\/\/www.vivrelafrontiere.org\/wp-content\/uploads\/2021\/07\/LOGO_REGION.png 1772w\" sizes=\"auto, (min-width: 960px) 75vw, 100vw\" \/><\/a><\/figure><div class=\"wp-block-media-text__content\">\n<h4 class=\"wp-block-heading\">R\u00e9gion Bourgogne-Franche-Comt\u00e9<\/h4>\n\n\n\n<p><a rel=\"noreferrer noopener\" href=\"https:\/\/www.bourgognefranchecomte.fr\/\" data-type=\"URL\" data-id=\"https:\/\/www.bourgognefranchecomte.fr\/\" target=\"_blank\">bourgognefranchecomte.fr<\/a><\/p>\n<\/div><\/div>\n\n\n\n<div style=\"height:51px\" aria-hidden=\"true\" class=\"wp-block-spacer\"><\/div>\n\n\n\n<div class=\"wp-block-media-text alignwide is-stacked-on-mobile\" style=\"grid-template-columns:26% auto\"><figure class=\"wp-block-media-text__media\"><a href=\"https:\/\/www.jura.ch\/default.aspx\" target=\"_blank\" rel=\"noopener\"><img loading=\"lazy\" decoding=\"async\" width=\"1024\" height=\"229\" src=\"https:\/\/www.vivrelafrontiere.org\/wp-content\/uploads\/2021\/07\/RCJU_logo-compacte-CMJN-1024x229.jpg\" alt=\"\" class=\"wp-image-509 size-full\" srcset=\"https:\/\/www.vivrelafrontiere.org\/wp-content\/uploads\/2021\/07\/RCJU_logo-compacte-CMJN-1024x229.jpg 1024w, https:\/\/www.vivrelafrontiere.org\/wp-content\/uploads\/2021\/07\/RCJU_logo-compacte-CMJN-300x67.jpg 300w, https:\/\/www.vivrelafrontiere.org\/wp-content\/uploads\/2021\/07\/RCJU_logo-compacte-CMJN-768x172.jpg 768w, https:\/\/www.vivrelafrontiere.org\/wp-content\/uploads\/2021\/07\/RCJU_logo-compacte-CMJN-1536x344.jpg 1536w, https:\/\/www.vivrelafrontiere.org\/wp-content\/uploads\/2021\/07\/RCJU_logo-compacte-CMJN-2048x459.jpg 2048w, https:\/\/www.vivrelafrontiere.org\/wp-content\/uploads\/2021\/07\/RCJU_logo-compacte-CMJN-720x161.jpg 720w\" sizes=\"auto, (min-width: 960px) 75vw, 100vw\" \/><\/a><\/figure><div class=\"wp-block-media-text__content\">\n<h4 class=\"wp-block-heading\">R\u00e9publique et Canton du Jura<\/h4>\n\n\n\n<p><a href=\"https:\/\/www.jura.ch\/default.aspx\" data-type=\"URL\" data-id=\"https:\/\/www.jura.ch\/default.aspx\" target=\"_blank\" rel=\"noreferrer noopener\">jura.ch<\/a><\/p>\n<\/div><\/div>\n\n\n\n<div style=\"height:50px\" aria-hidden=\"true\" class=\"wp-block-spacer\"><\/div>\n\n\n\n<div class=\"wp-block-media-text alignwide is-stacked-on-mobile\" style=\"grid-template-columns:26% auto\"><figure class=\"wp-block-media-text__media\"><a href=\"https:\/\/www.forum-transfrontalier.org\/\" target=\"_blank\" rel=\"noopener\"><img loading=\"lazy\" decoding=\"async\" width=\"429\" height=\"117\" src=\"https:\/\/www.vivrelafrontiere.org\/wp-content\/uploads\/2021\/04\/ufc.png\" alt=\"\" class=\"wp-image-359 size-full\" srcset=\"https:\/\/www.vivrelafrontiere.org\/wp-content\/uploads\/2021\/04\/ufc.png 429w, https:\/\/www.vivrelafrontiere.org\/wp-content\/uploads\/2021\/04\/ufc-300x82.png 300w\" sizes=\"auto, (min-width: 960px) 75vw, 100vw\" \/><\/a><\/figure><div class=\"wp-block-media-text__content\">\n<h4 class=\"wp-block-heading\">Universit\u00e9 de Franche-Comt\u00e9<\/h4>\n\n\n\n<p><a href=\"https:\/\/www.univ-fcomte.fr\/\" data-type=\"URL\" data-id=\"https:\/\/www.univ-fcomte.fr\/\" target=\"_blank\" rel=\"noreferrer noopener\">univ-fcomte.fr<\/a><\/p>\n<\/div><\/div>\n\n\n\n<div style=\"height:35px\" aria-hidden=\"true\" class=\"wp-block-spacer\"><\/div>\n\n\n\n<div class=\"wp-block-media-text alignwide is-stacked-on-mobile\" style=\"grid-template-columns:15% auto\"><figure class=\"wp-block-media-text__media\"><a href=\"https:\/\/www.morteau.org\/\" target=\"_blank\" rel=\"noopener\"><img loading=\"lazy\" decoding=\"async\" width=\"200\" height=\"200\" src=\"https:\/\/www.vivrelafrontiere.org\/wp-content\/uploads\/2021\/10\/logo-og_morteau-1.jpg\" alt=\"\" class=\"wp-image-536 size-full\" srcset=\"https:\/\/www.vivrelafrontiere.org\/wp-content\/uploads\/2021\/10\/logo-og_morteau-1.jpg 200w, https:\/\/www.vivrelafrontiere.org\/wp-content\/uploads\/2021\/10\/logo-og_morteau-1-150x150.jpg 150w\" sizes=\"auto, (min-width: 960px) 75vw, 100vw\" \/><\/a><\/figure><div class=\"wp-block-media-text__content\">\n<h4 class=\"wp-block-heading\">Ville de Morteau<\/h4>\n\n\n\n<p><a href=\"https:\/\/www.morteau.org\/\" data-type=\"URL\" target=\"_blank\" rel=\"noreferrer noopener\">morteau.org<\/a><\/p>\n<\/div><\/div>\n\n\n\n<div style=\"height:69px\" aria-hidden=\"true\" class=\"wp-block-spacer\"><\/div>\n\n\n\n<p><strong>Partenaires de l&rsquo;association Vivre la Fronti\u00e8re<\/strong><\/p>\n\n\n\n<div class=\"wp-block-media-text alignwide is-stacked-on-mobile\" style=\"grid-template-columns:27% auto\"><figure class=\"wp-block-media-text__media\"><a href=\"http:\/\/unine.ch\/\" target=\"_blank\" rel=\"noopener\"><img loading=\"lazy\" decoding=\"async\" width=\"280\" height=\"179\" src=\"https:\/\/web1.unine.ch\/vivrelafrontiere\/wp-content\/uploads\/2021\/02\/logo-unine_transparent2.png\" alt=\"\" class=\"wp-image-115 size-full\"\/><\/a><\/figure><div class=\"wp-block-media-text__content\">\n<h4 class=\"wp-block-heading\">Universit\u00e9 de Neuch\u00e2tel<\/h4>\n\n\n\n<p><a href=\"https:\/\/unine.ch\/unine\/home.html\" data-type=\"URL\" data-id=\"https:\/\/unine.ch\/unine\/home.html\" target=\"_blank\" rel=\"noreferrer noopener\">unine.ch<\/a><\/p>\n<\/div><\/div>\n\n\n\n<div style=\"height:51px\" aria-hidden=\"true\" class=\"wp-block-spacer\"><\/div>\n\n\n\n<div class=\"wp-block-media-text alignwide is-stacked-on-mobile\" style=\"grid-template-columns:26% auto\"><figure class=\"wp-block-media-text__media\"><a href=\"https:\/\/www.ne.ch\/Pages\/accueil.aspx\" target=\"_blank\" rel=\"noopener\"><img loading=\"lazy\" decoding=\"async\" width=\"434\" height=\"138\" src=\"https:\/\/www.vivrelafrontiere.org\/wp-content\/uploads\/2021\/11\/Logo-NE-couleurs.png\" alt=\"\" class=\"wp-image-647 size-full\" srcset=\"https:\/\/www.vivrelafrontiere.org\/wp-content\/uploads\/2021\/11\/Logo-NE-couleurs.png 434w, https:\/\/www.vivrelafrontiere.org\/wp-content\/uploads\/2021\/11\/Logo-NE-couleurs-300x95.png 300w\" sizes=\"auto, (min-width: 960px) 75vw, 100vw\" \/><\/a><\/figure><div class=\"wp-block-media-text__content\">\n<h4 class=\"wp-block-heading\">Canton de Neuch\u00e2tel<\/h4>\n\n\n\n<p><a href=\"https:\/\/www.ne.ch\/Pages\/accueil.aspx\" data-type=\"URL\" data-id=\"https:\/\/www.ne.ch\/Pages\/accueil.aspx\" target=\"_blank\" rel=\"noreferrer noopener\">ne.ch<\/a><\/p>\n<\/div><\/div>\n\n\n\n<div style=\"height:51px\" aria-hidden=\"true\" class=\"wp-block-spacer\"><\/div>\n\n\n\n<div class=\"wp-block-media-text alignwide is-stacked-on-mobile\" style=\"grid-template-columns:26% auto\"><figure class=\"wp-block-media-text__media\"><a href=\"https:\/\/www.arcjurassien.ch\/\" target=\"_blank\" rel=\"noopener\"><img loading=\"lazy\" decoding=\"async\" width=\"591\" height=\"295\" src=\"https:\/\/web1.unine.ch\/vivrelafrontiere\/wp-content\/uploads\/2021\/02\/Logo_arcjurassien.ch_sans-fond.png\" alt=\"\" class=\"wp-image-99 size-full\" srcset=\"https:\/\/www.vivrelafrontiere.org\/wp-content\/uploads\/2021\/02\/Logo_arcjurassien.ch_sans-fond.png 591w, https:\/\/www.vivrelafrontiere.org\/wp-content\/uploads\/2021\/02\/Logo_arcjurassien.ch_sans-fond-300x150.png 300w\" sizes=\"auto, (min-width: 960px) 75vw, 100vw\" \/><\/a><\/figure><div class=\"wp-block-media-text__content\">\n<h4 class=\"wp-block-heading\">Association intercantonale <strong>arcjurassien<\/strong>.ch<\/h4>\n\n\n\n<p><a href=\"https:\/\/www.arcjurassien.ch\/\" data-type=\"URL\" data-id=\"https:\/\/www.arcjurassien.ch\/\" target=\"_blank\" rel=\"noreferrer noopener\">arcjurassien.ch<\/a><\/p>\n<\/div><\/div>\n\n\n\n<hr class=\"wp-block-separator has-css-opacity\"\/>\n\n\n\n<div style=\"height:30px\" aria-hidden=\"true\" class=\"wp-block-spacer\"><\/div>\n\n\n\n<div class=\"wp-block-buttons is-horizontal is-content-justification-center is-layout-flex wp-container-core-buttons-is-layout-03627597 wp-block-buttons-is-layout-flex\">\n<div class=\"wp-block-button is-style-fill\"><a class=\"wp-block-button__link has-theme-yellow-color has-text-color wp-element-button\" href=\"https:\/\/www.vivrelafrontiere.org\/?page_id=14\" rel=\"historique\">Historique<\/a><\/div>\n\n\n\n<div class=\"wp-block-button is-style-fill\"><a class=\"wp-block-button__link has-theme-yellow-color has-text-color wp-element-button\" href=\"https:\/\/www.vivrelafrontiere.org\/?page_id=15\">Buts de l&rsquo;association<\/a><\/div>\n\n\n\n<div class=\"wp-block-button is-style-fill\"><a class=\"wp-block-button__link has-theme-yellow-color has-text-color wp-element-button\" href=\"https:\/\/www.vivrelafrontiere.org\/?page_id=16\">Groupe de suivi<\/a><\/div>\n<\/div>\n\n\n\n<p><\/p>\n","protected":false},"excerpt":{"rendered":"<p>Partenaires du projet Ligne de partages Centre de culture ABC abc-culture.ch D\u00e9partement du Doubs doubs.fr D\u00e9partement du Territoire de Belfort territoiredebelfort.fr Direction r\u00e9gionale des affaires culturelles Bourgogne-Franche-Comt\u00e9 culture.gouv.fr Forum Transfrontalier Arc jurassien forum-transfrontalier.org Grand Besan\u00e7on M\u00e9tropole et Ville de Besan\u00e7on grandbesancon.fr R\u00e9gion Bourgogne-Franche-Comt\u00e9 bourgognefranchecomte.fr R\u00e9publique et Canton du Jura jura.ch Universit\u00e9 de Franche-Comt\u00e9 univ-fcomte.fr Ville &hellip; <a href=\"https:\/\/www.vivrelafrontiere.org\/?page_id=17\" class=\"more-link\">Poursuivre la lecture <span class=\"screen-reader-text\"> \u00ab\u00a0Partenaires\u00a0\u00bb<\/span><\/a><\/p>\n","protected":false},"author":2,"featured_media":0,"parent":0,"menu_order":0,"comment_status":"closed","ping_status":"closed","template":"","meta":{"footnotes":""},"class_list":["post-17","page","type-page","status-publish","hentry"],"_links":{"self":[{"href":"https:\/\/www.vivrelafrontiere.org\/index.php?rest_route=\/wp\/v2\/pages\/17","targetHints":{"allow":["GET"]}}],"collection":[{"href":"https:\/\/www.vivrelafrontiere.org\/index.php?rest_route=\/wp\/v2\/pages"}],"about":[{"href":"https:\/\/www.vivrelafrontiere.org\/index.php?rest_route=\/wp\/v2\/types\/page"}],"author":[{"embeddable":true,"href":"https:\/\/www.vivrelafrontiere.org\/index.php?rest_route=\/wp\/v2\/users\/2"}],"replies":[{"embeddable":true,"href":"https:\/\/www.vivrelafrontiere.org\/index.php?rest_route=%2Fwp%2Fv2%2Fcomments&post=17"}],"version-history":[{"count":31,"href":"https:\/\/www.vivrelafrontiere.org\/index.php?rest_route=\/wp\/v2\/pages\/17\/revisions"}],"predecessor-version":[{"id":777,"href":"https:\/\/www.vivrelafrontiere.org\/index.php?rest_route=\/wp\/v2\/pages\/17\/revisions\/777"}],"wp:attachment":[{"href":"https:\/\/www.vivrelafrontiere.org\/index.php?rest_route=%2Fwp%2Fv2%2Fmedia&parent=17"}],"curies":[{"name":"wp","href":"https:\/\/api.w.org\/{rel}","templated":true}]}}